{"id":110,"date":"2019-10-07T19:59:31","date_gmt":"2019-10-07T17:59:31","guid":{"rendered":"https:\/\/www.rasquinet.org\/w\/?page_id=110"},"modified":"2019-10-24T03:48:02","modified_gmt":"2019-10-24T01:48:02","slug":"historique","status":"publish","type":"page","link":"https:\/\/www.rasquinet.org\/w\/historique\/","title":{"rendered":"Historique"},"content":{"rendered":"\n<div style=\"height:100px\" aria-hidden=\"true\" class=\"wp-block-spacer\"><\/div>\n\n\n\n<figure class=\"wp-block-image\"><a href=\"https:\/\/www.rasquinet.org\/w\/wp-content\/uploads\/2019\/10\/historique01b-1.png\"><img loading=\"lazy\" decoding=\"async\" width=\"640\" height=\"459\" src=\"https:\/\/www.rasquinet.org\/w\/wp-content\/uploads\/2019\/10\/historique01b-1.png\" alt=\"\" class=\"wp-image-297\" srcset=\"https:\/\/www.rasquinet.org\/w\/wp-content\/uploads\/2019\/10\/historique01b-1.png 640w, https:\/\/www.rasquinet.org\/w\/wp-content\/uploads\/2019\/10\/historique01b-1-627x450.png 627w, https:\/\/www.rasquinet.org\/w\/wp-content\/uploads\/2019\/10\/historique01b-1-300x215.png 300w\" sizes=\"auto, (max-width: 640px) 100vw, 640px\" \/><\/a><\/figure>\n\n\n\n<div style=\"height:100px\" aria-hidden=\"true\" class=\"wp-block-spacer\"><\/div>\n\n\n\n<p>L\u2019asbl Rasquinet est n\u00e9e il y a plus de &nbsp;40 ans. A l\u2019origine, elle a \u00e9t\u00e9 cr\u00e9\u00e9e pour occuper les jeunes du quartier Josaphat qui connaissait alors de graves perturbations sociales. D\u00e8s 1972, Pierre MASSART, Jeanne VERSTRAETEN (membres fondateurs) et d\u2019autres proposaient aux jeunes des manifestations th\u00e9\u00e2trales, des activit\u00e9s sportives, des jeux et d\u2019autres animations dans une cour des anciens ateliers de &nbsp;l\u2019usine \u00ab&nbsp;Rasquinet&nbsp;\u00bb&nbsp;(ce qui explique l\u2019origine de notre nom). Bien vite les parents ont exprim\u00e9 le souhait que leurs enfants, fr\u00e9quentant les ateliers cr\u00e9atifs de Rasquinet, puissent aussi y \u00eatre aid\u00e9s dans leur scolarit\u00e9 et plus particuli\u00e8rement dans la r\u00e9alisation de leurs devoirs. En 1974 les statuts de l\u2019asbl \u00e9taient d\u00e9pos\u00e9s et ainsi naissait l\u2019\u00e9cole de devoirs Rasquinet, dans le m\u00eame temps, l\u2019asbl \u00e9tait reconnue comme Centre d\u2019Expression et de Cr\u00e9ativit\u00e9.<\/p>\n\n\n\n<p>Aujourd\u2019hui, au travers de ses diverses activit\u00e9s, Rasquinet accueille chaque ann\u00e9e plus d\u2019une centaine d\u2019enfants &nbsp;\u00e2g\u00e9s de 6 \u00e0 15 ans\u2026<\/p>\n","protected":false},"excerpt":{"rendered":"<p>L\u2019asbl Rasquinet est n\u00e9e il y a plus de &nbsp;40 ans. A l\u2019origine, elle a \u00e9t\u00e9 cr\u00e9\u00e9e pour occuper les jeunes du quartier Josaphat qui connaissait alors de graves perturbations sociales. D\u00e8s 1972, Pierre MASSART, Jeanne VERSTRAETEN (membres fondateurs) et d\u2019autres proposaient aux jeunes des manifestations th\u00e9\u00e2trales, des activit\u00e9s sportives, &#8230;<\/p>\n","protected":false},"author":2,"featured_media":0,"parent":0,"menu_order":0,"comment_status":"closed","ping_status":"closed","template":"","meta":{"footnotes":""},"class_list":["post-110","page","type-page","status-publish","hentry","column","threecol"],"_links":{"self":[{"href":"https:\/\/www.rasquinet.org\/w\/wp-json\/wp\/v2\/pages\/110","targetHints":{"allow":["GET"]}}],"collection":[{"href":"https:\/\/www.rasquinet.org\/w\/wp-json\/wp\/v2\/pages"}],"about":[{"href":"https:\/\/www.rasquinet.org\/w\/wp-json\/wp\/v2\/types\/page"}],"author":[{"embeddable":true,"href":"https:\/\/www.rasquinet.org\/w\/wp-json\/wp\/v2\/users\/2"}],"replies":[{"embeddable":true,"href":"https:\/\/www.rasquinet.org\/w\/wp-json\/wp\/v2\/comments?post=110"}],"version-history":[{"count":3,"href":"https:\/\/www.rasquinet.org\/w\/wp-json\/wp\/v2\/pages\/110\/revisions"}],"predecessor-version":[{"id":392,"href":"https:\/\/www.rasquinet.org\/w\/wp-json\/wp\/v2\/pages\/110\/revisions\/392"}],"wp:attachment":[{"href":"https:\/\/www.rasquinet.org\/w\/wp-json\/wp\/v2\/media?parent=110"}],"curies":[{"name":"wp","href":"https:\/\/api.w.org\/{rel}","templated":true}]}}